{"id":485,"date":"2020-04-07T15:30:36","date_gmt":"2020-04-07T13:30:36","guid":{"rendered":"http:\/\/www.kita-bockenheim.de\/?page_id=485"},"modified":"2020-04-07T15:30:37","modified_gmt":"2020-04-07T13:30:37","slug":"datenschutzerklaerung","status":"publish","type":"page","link":"https:\/\/www.kita-bockenheim.de\/?page_id=485","title":{"rendered":"Datenschutzerkl\u00e4rung"},"content":{"rendered":"\n<h4 class=\"wp-block-heading\">Datenschutzerkl\u00e4rung f\u00fcr Webseitenbetreiber nach den Vorgaben des DSG-EKD<\/h4>\n\n\n\n<p>Die ev. Kita Bockenheim (nachfolgend Kita Bockenheim Informationen zu Kita Betrieb erhalten Sie hier), freut sich, dass Sie unsere Website besuchen. Datenschutz und Datensicherheit bei der Nutzung unserer Website sind f\u00fcr uns sehr wichtig. Wir m\u00f6chten Sie daher an dieser Stelle dar\u00fcber informieren, welche Ihrer personenbezogenen Daten wir bei Ihrem Besuch auf unserer Website erfassen und f\u00fcr welche Zwecke diese genutzt werden.<\/p>\n\n\n\n<p>Da Gesetzes\u00e4nderungen oder \u00c4nderungen unserer unternehmensinternen Prozesse eine Anpassung dieser Datenschutzerkl\u00e4rung erforderlich machen k\u00f6nnen, bitten wir Sie, diese Datenschutzerkl\u00e4rung regelm\u00e4\u00dfig durchzulesen. Die Datenschutzerkl\u00e4rung kann jederzeit unter Datenschutzerkl\u00e4rung abgerufen, abgespeichert und ausgedruckt werden.<\/p>\n\n\n\n<h4 class=\"wp-block-heading\">\u00a7 1 Verantwortliche Stelle und Geltungsbereich<\/h4>\n\n\n\n<p>Die verantwortliche Stelle im Sinne des Kirchengesetzes \u00fcber den Datenschutz der Evangelischen Kirche in Deutschland (im Folgenden: DSG-EKD) sowie sonstiger datenschutzrechtlicher Bestimmungen ist:<\/p>\n\n\n\n<div class=\"wp-block-group\"><div class=\"wp-block-group__inner-container is-layout-flow wp-block-group-is-layout-flow\">\n<pre class=\"wp-block-verse\">Ev. Kita Bockenheim\nJakob-Kautz Stra\u00dfe 7\n67278 Bockenheim an der Weinstra\u00dfe\nE-Mail:evkita.bockenheim@gmx.de\nWebsite: http:\/\/www.kita-bockenheim.de<\/pre>\n<\/div><\/div>\n\n\n\n<p>Diese Datenschutzerkl\u00e4rung gilt f\u00fcr das Internetangebot der ev. Kita Bockenheim welches unter der Domain http:\/\/www.kita-bockenheim.de sowie den verschiedenen Subdomains (im Folgenden \u201eunsere Website\u201c genannt) abrufbar ist.<\/p>\n\n\n\n<h4 class=\"wp-block-heading\">\u00a7 2 Datenschutzbeauftragter und zust\u00e4ndige Aufsichtsbeh\u00f6rde<\/h4>\n\n\n\n<pre class=\"wp-block-verse\">Der externe Datenschutzbeauftragte der verantwortlichen Stelle ist:\nHerr Rechtsanwalt Dr. Karsten Kinast, LL.M.\nKINAST Rechtsanwaltsgesellschaft mbH\nHohenzollernring 54\nD-50672 K\u00f6ln\nTel.: +49 (0)221 \u2013 222 183 \u2013 0\nE-Mail: <a href=\"mailto:mail@kinast.eu\">mail@kinast.eu<\/a>\nWebsite: <a href=\"https:\/\/www.kinast.eu\/externer-datenschutzbeauftragter\/\">https:\/\/www.kinast.eu\/externer-datenschutzbeauftragter\/<\/a><\/pre>\n\n\n\n<pre class=\"wp-block-verse\">Die zust\u00e4ndige Aufsichtsbeh\u00f6rde der verantwortlichen Stelle ist:\nEvangelische Kirche der Pfalz\n(Protestantische Landeskirche)\nDie Datenschutzbeauftragte\nVerwaltungsr\u00e4tin i. K. Pia Schneider\nRossmarktstra\u00dfe 4\nD-67346 Speyer\nTel.: +49 (0)6232 \u2013 667 \u2013 434\nFax: +49 (0)6232- 667-6434<\/pre>\n\n\n\n<h4 class=\"wp-block-heading\">\u00a7 3 Grunds\u00e4tze der Datenverarbeitung<\/h4>\n\n\n\n<p>Personenbezogene Daten sind alle Informationen, die sich auf eine identifizierte oder identifizierbare nat\u00fcrliche Person beziehen. Hierzu geh\u00f6ren beispielsweise Informationen wie Ihr Name, Ihr Alter, Ihre Anschrift, Ihre Telefonnummer, Ihr Geburtsdatum, Ihre E-Mail-Adresse, Ihre IP-Adresse oder das Nutzerverhalten. Informationen, bei denen wir keinen (oder nur mit einem unverh\u00e4ltnism\u00e4\u00dfigen Aufwand einen) Bezug zu Ihrer Person herstellen k\u00f6nnen, z.B. durch Anonymisierung der Informationen, sind keine personenbezogenen Daten. Die Verarbeitung von personenbezogenen Daten (bspw. das Erheben, das Abfragen, die Verwendung, die Speicherung oder die \u00dcbermittlung) bedarf immer einer gesetzlichen Grundlage oder Ihrer Einwilligung. Verarbeitete personenbezogene Daten werden gel\u00f6scht, sobald der Zweck der Verarbeitung erreicht wurde und keine gesetzlich vorgeschriebenen Aufbewahrungspflichten mehr zu wahren sind.<\/p>\n\n\n\n<p>Sofern wir f\u00fcr die Bereitstellung bestimmter Angebote Ihre personenbezogenen Daten verarbeiten, informieren wir Sie nachfolgend \u00fcber die konkreten Vorg\u00e4nge, den Umfang und den Zweck der Datenverarbeitung, die Rechtsgrundlage f\u00fcr die Verarbeitung und die jeweilige Speicherdauer.<\/p>\n\n\n\n<h4 class=\"wp-block-heading\">\u00a7 4 Einzelne Verarbeitungsvorg\u00e4nge<\/h4>\n\n\n\n<div class=\"wp-block-group\"><div class=\"wp-block-group__inner-container is-layout-flow wp-block-group-is-layout-flow\">\n<div class=\"wp-block-group\"><div class=\"wp-block-group__inner-container is-layout-flow wp-block-group-is-layout-flow\">\n<p>1. Bereitstellung und Nutzung der Webseite<\/p>\n<\/div><\/div>\n<\/div><\/div>\n\n\n\n<div class=\"wp-block-group\"><div class=\"wp-block-group__inner-container is-layout-flow wp-block-group-is-layout-flow\">\n<p>a. Art und Umfang der Datenverarbeitung<\/p>\n<\/div><\/div>\n\n\n\n<p>Beim Aufrufen und der Nutzung unserer Website erheben wir die personenbezogenen Daten, die Ihr Browser automatisch an unseren Server \u00fcbermittelt. Diese Informationen werden tempor\u00e4r in einem sog. Logfile gespeichert. Wenn Sie unsere Website nutzen, erheben wir die folgenden Daten, die f\u00fcr uns technisch erforderlich sind, um Ihnen unsere Website anzuzeigen und die Stabilit\u00e4t und Sicherheit zu gew\u00e4hrleisten:<\/p>\n\n\n\n<ul><li>IP-Adresse des anfragenden Rechners,<\/li><li>Datum und Uhrzeit des Zugriffs,<\/li><li>Name und URL der abgerufenen Datei,<\/li><li>Website, von der aus der Zugriff erfolgt (Referrer-URL),<\/li><li>verwendeter Browser und ggf. das Betriebssystem Ihres Rechners sowie der Name Ihres Access-Providers<\/li><\/ul>\n\n\n\n<p>b. Rechtsgrundlage<\/p>\n\n\n\n<p>F\u00fcr die genannte Datenverarbeitung dient \u00a7 6 Nr. 3, 4 und 8 DSG-EKD als Rechtsgrundlage. Die Verarbeitung der genannten Daten ist f\u00fcr die Bereitstellung einer Website erforderlich und dient damit der Wahrung eines berechtigten Interesses unseres Unternehmens.<\/p>\n\n\n\n<p>c. Speicherdauer<\/p>\n\n\n\n<p>Sobald die genannten Daten zum Anzeigen der Website nicht mehr erforderlich sind, werden sie gel\u00f6scht. Die Erfassung der Daten zur Bereitstellung der Website und die Speicherung der Daten in Logfiles ist f\u00fcr den Betrieb der Internetseite zwingend erforderlich. Es besteht folglich seitens des Nutzers keine Widerspruchsm\u00f6glichkeit. Eine weitergehende Speicherung kann im Einzelfall dann erfolgen, wenn dies gesetzlich vorgeschrieben ist.<\/p>\n\n\n\n<h4 class=\"wp-block-heading\">\u00a7 5 Weitergabe von Daten<\/h4>\n\n\n\n<p>Wir geben Ihre pers\u00f6nlichen Daten nur an Dritte weiter, wenn:<\/p>\n\n\n\n<ul><li>Sie hierzu Ihre ausdr\u00fcckliche Einwilligung nach \u00a7 6 Nr. 2 DSG-EKD erteilt haben,<\/li><li>wenn nach \u00a7 6 Nr. 1 DSG-EKD f\u00fcr die Weitergabe eine gesetzliche Verpflichtung besteht,<\/li><li>dies gesetzlich zul\u00e4ssig und nach \u00a7 6 Nr. 5 DSG-EKD zur Erf\u00fcllung eines Vertragsverh\u00e4ltnisses mit Ihnen erforderlich ist,<\/li><li>die Weitergabe nach \u00a7 6 Nr. 1, 3, 4 oder 8 DSG-EKD zur Geltendmachung, Aus\u00fcbung oder Verteidigung von Rechtsanspr\u00fcchen erforderlich ist und kein Grund zur Annahme besteht, dass Sie ein \u00fcberwiegendes schutzw\u00fcrdiges Interesse an der Nichtweitergabe Ihrer Daten haben.<\/li><\/ul>\n\n\n\n<h4 class=\"wp-block-heading\">\u00a7 6 Einsatz von Cookies<\/h4>\n\n\n\n<p>a. Art und Umfang der Datenverarbeitung<\/p>\n\n\n\n<p>Wir setzten auf unserer Webseite Cookies ein. Cookies sind kleine Dateien, die im Rahmen Ihres Besuchs unserer Internetseiten von uns an den Browser Ihres Endger\u00e4ts gesendet und dort gespeichert werden. Einige Funktionen unserer Internetseite k\u00f6nnen ohne den Einsatz von technisch notwendigen Cookies nicht angeboten werden. Andere Cookies erm\u00f6glichen uns hingegen verschiedene Analysen. Cookies sind beispielsweise in der Lage, den von Ihnen verwendeten Browser bei einem erneuten Besuch unserer Webseite wiederzuerkennen und verschiedene Informationen an uns zu \u00fcbermitteln. Mithilfe von Cookies k\u00f6nnen wir unter anderem unser Internetangebot f\u00fcr Sie nutzerfreundlicher und effektiver gestalten, indem wir etwa Ihre Nutzung unserer Webseite nachvollziehen und Ihre bevorzugten Einstellungen (bspw. L\u00e4nder- und Spracheneinstellungen) feststellen. Sofern Dritte \u00fcber Cookies Informationen verarbeiten, erheben diese die Informationen direkt \u00fcber Ihren Browser. Cookies richten auf Ihrem Endger\u00e4t keinen Schaden an. Sie k\u00f6nnen keine Programme ausf\u00fchren und keine Viren enthalten. Auf unserer Webseite werden verschiedene Arten von Cookies verwendet, deren Art und Funktion nachfolgend n\u00e4her erl\u00e4utert wird. Auf unserer Webseite werden Transient-Cookies verwendet, die automatisch gel\u00f6scht werden, sobald Sie Ihren Browser schlie\u00dfen. Diese Art von Cookies erm\u00f6glicht es, Ihre Session-ID zu erfassen. Dadurch lassen sich verschiedene Anfragen Ihres Browser einer gemeinsamen Sitzung zuordnen und es ist uns m\u00f6glich, Ihr Endger\u00e4t bei sp\u00e4teren Webseitenbesuchen wiederzuerkennen.<\/p>\n\n\n\n<p>Erforderliche Cookies<\/p>\n\n\n\n<p>Diese Cookies werden aus technischen Gr\u00fcnden ben\u00f6tigt, damit Sie unsere Webseite besuchen und von uns angebotene Funktionen nutzen k\u00f6nnen. Au\u00dferdem tragen diese Cookies zu einer sicheren und vorschriftsgem\u00e4\u00dfen Nutzung der Webseite bei.<\/p>\n\n\n\n<p>b. Rechtsgrundlage<\/p>\n\n\n\n<p>Aufgrund der beschriebenen Verwendungszwecke (vgl. \u00a7 6. a.) liegt die Rechtsgrundlage f\u00fcr die Verarbeitung personenbezogener Daten unter Verwendung von Cookies in \u00a7 6 Nr. 4 und 8 DSG-EKD.<\/p>\n\n\n\n<p>c. Speicherdauer<\/p>\n\n\n\n<p>Sobald die \u00fcber die Cookies an uns \u00fcbermittelten Daten f\u00fcr die Erreichung der oben beschriebenen Zwecke nicht mehr erforderlich sind, werden diese Informationen gel\u00f6scht. Eine weitergehende Speicherung kann im Einzelfall dann erfolgen, wenn dies gesetzlich vorgeschrieben ist.<\/p>\n\n\n\n<p>d. Konfiguration der Browsereinstellungen<\/p>\n\n\n\n<p>Die meisten Browser sind so voreingestellt, dass Sie Cookies standardm\u00e4\u00dfig akzeptieren. Sie k\u00f6nnen Ihren jeweiligen Browser jedoch so konfigurieren, dass er nur noch bestimmte oder auch gar keine Cookies mehr akzeptiert. Wir weisen Sie jedoch darauf hin, dass Sie m\u00f6glicherweise nicht mehr alle Funktionen unserer Webseite nutzen k\u00f6nnen, wenn Cookies durch Ihre Browsereinstellungen auf unserer Webseite deaktiviert werden. \u00dcber Ihre Browsereinstellungen k\u00f6nnen Sie bereits in Ihrem Browser gespeicherte Cookies auch l\u00f6schen. Weiterhin ist es auch m\u00f6glich, Ihren Browser so einzustellen, dass er Sie benachrichtigt, bevor Cookies gespeichert werden. Da sich die verschiedenen Browser in ihren jeweiligen Funktionsweisen unterscheiden k\u00f6nnen, bitten wir Sie, dass jeweilige Hilfe-Men\u00fc Ihres Browsers f\u00fcr die Konfigurationsm\u00f6glichkeiten in Anspruch zu nehmen. Falls Sie eine umfassende \u00dcbersicht aller Zugriffe Dritter auf Ihren Internetbrowser w\u00fcnschen, empfehlen wir Ihnen die Installation hierzu speziell entwickelter Plug-Ins.<\/p>\n\n\n\n<h4 class=\"wp-block-heading\">\u00a7 7 Hyperlinks<\/h4>\n\n\n\n<p>Auf unserer Webseite befinden sich sog. Hyperlinks zu Webseiten anderer Anbieter. Bei Aktivierung dieser Hyperlinks werden Sie von unserer Webseite direkt auf die Webseite der anderen Anbieter weitergeleitet. Sie erkennen dies u. a. am Wechsel der URL. Wir k\u00f6nnen keine Verantwortung f\u00fcr den vertraulichen Umgang Ihrer Daten auf diesen Webseiten Dritter \u00fcbernehmen, da wir keinen Einfluss darauf haben, dass diese Unternehmen die Datenschutzbestimmungen einhalten. \u00dcber den Umgang mit Ihren personenbezogenen Daten durch diese Unternehmen informieren Sie sich bitte direkt auf diesen Webseiten.<\/p>\n\n\n\n<h4 class=\"wp-block-heading\">\u00a7 8 Betroffenenrechte<\/h4>\n\n\n\n<p>Aus dem DSG-EKD ergeben sich f\u00fcr Sie als Betroffener einer Verarbeitung personenbezogener Daten die folgenden Rechte:<\/p>\n\n\n\n<ul><li>Gem\u00e4\u00df \u00a7 19 DSG-EKD k\u00f6nnen Sie Auskunft \u00fcber Ihre von uns verarbeiteten personenbezogenen Daten verlangen. Sie k\u00f6nnen insbesondere Auskunft \u00fcber die Verarbeitungszwecke, die Kategorien der personenbezogenen Daten, die Kategorien von Empf\u00e4ngern, gegen\u00fcber denen Ihre Daten offengelegt wurden oder werden, die geplante Speicherdauer, das Bestehen eines Rechts auf Berichtigung, L\u00f6schung, Einschr\u00e4nkung der Verarbeitung oder Widerspruch, das Bestehen eines Beschwerderechts, die Herkunft ihrer Daten, sofern diese nicht bei uns erhoben wurden, \u00fcber eine \u00dcbermittlung in Drittl\u00e4nder oder an internationale Organisationen sowie \u00fcber das Bestehen einer automatisierten Entscheidungsfindung einschlie\u00dflich Profiling und ggf. aussagekr\u00e4ftigen Informationen zu deren Einzelheiten verlangen.<\/li><\/ul>\n\n\n\n<ul><li>Gem\u00e4\u00df \u00a7 20 DSG-EKD k\u00f6nnen Sie unverz\u00fcglich die Berichtigung unrichtiger oder die Vervollst\u00e4ndigung Ihrer bei uns gespeicherten personenbezogenen Daten verlangen.<\/li><\/ul>\n\n\n\n<ul><li>Gem\u00e4\u00df \u00a7 21 DSG-EKD k\u00f6nnen Sie die L\u00f6schung Ihrer bei uns gespeicherten personenbezogenen Daten verlangen, soweit die Verarbeitung nicht zur Aus\u00fcbung des Rechts auf freie Meinungs\u00e4u\u00dferung und Information, zur Erf\u00fcllung einer rechtlichen Verpflichtung, aus Gr\u00fcnden des \u00f6ffentlichen Interesses oder zur Geltendmachung, Aus\u00fcbung oder Verteidigung von Rechtsanspr\u00fcchen erforderlich ist.<\/li><\/ul>\n\n\n\n<ul><li>Gem\u00e4\u00df \u00a7 22 DSG-EKD k\u00f6nnen Sie die Einschr\u00e4nkung der Verarbeitung Ihrer personenbezogenen Daten verlangen, soweit die Richtigkeit der Daten von Ihnen bestritten wird, die Verarbeitung unrechtm\u00e4\u00dfig ist, wir die Daten nicht mehr ben\u00f6tigen und Sie deren L\u00f6schung ablehnen, weil Sie diese zur Geltendmachung, Aus\u00fcbung oder Verteidigung von Rechtsanspr\u00fcchen ben\u00f6tigen. Das Recht aus<br>\u00a7 22 DSG-EKD steht Ihnen auch zu, wenn Sie gem\u00e4\u00df \u00a7 25 DSG-EKD Widerspruch gegen die Verarbeitung eingelegt haben.<\/li><\/ul>\n\n\n\n<ul><li>Gem\u00e4\u00df \u00a7 24 DSG-EKD k\u00f6nnen Sie verlangen, Ihre personenbezogenen Daten, die Sie uns bereitgestellt haben, in einem strukturierten, g\u00e4ngigen und maschinenlesebaren Format zu erhalten oder Sie k\u00f6nnen die \u00dcbermittlung an eine andere verantwortliche Stelle verlangen.<\/li><\/ul>\n\n\n\n<ul><li>Gem\u00e4\u00df \u00a7 11 Abs. 3 DSG-EKD k\u00f6nnen Sie Ihre einmal erteilte Einwilligung jederzeit gegen\u00fcber uns widerrufen. Dies hat zur Folge, dass wir die auf dieser Einwilligung beruhende Datenverarbeitung f\u00fcr die Zukunft nicht mehr fortf\u00fchren d\u00fcrfen.<\/li><\/ul>\n\n\n\n<ul><li>Gem\u00e4\u00df \u00a7 46 DSG-EKD steht Ihnen das Recht zu, sich bei einer Aufsichtsbeh\u00f6rde zu beschweren. In der Regel k\u00f6nnen Sie sich hierf\u00fcr an die Aufsichtsbeh\u00f6rde Ihres \u00fcblichen Aufenthaltsortes, Ihres Arbeitsplatzes oder unseres Unternehmenssitzes wenden.<\/li><\/ul>\n\n\n\n<h4 class=\"wp-block-heading\">\u00a7 9 Widerspruchsrecht<\/h4>\n\n\n\n<p>Bei der Verarbeitung Ihrer personenbezogenen Daten auf Grundlage von berechtigten Interessen gem\u00e4\u00df<br>\u00a7 6 Nr. 1, 3, 4 oder 8 DSG-EKD, haben Sie das Recht, gem\u00e4\u00df \u00a7 25 DSG-EKD Widerspruch gegen die Verarbeitung Ihrer personenbezogenen Daten einzulegen, soweit daf\u00fcr Gr\u00fcnde vorliegen, die sich aus Ihrer besonderen Situation ergeben oder sich der Widerspruch gegen Direktwerbung richtet. Im Fall der Direktwerbung besteht f\u00fcr Sie ein generelles Widerspruchsrecht, das von uns ohne Angabe einer besonderen Situation umgesetzt wird.<\/p>\n\n\n\n<h4 class=\"wp-block-heading\">\u00a7 10 Datensicherheit und Sicherungsma\u00dfnahmen<\/h4>\n\n\n\n<p>Wir verpflichten uns, Ihre Privatsph\u00e4re zu sch\u00fctzen und Ihre personenbezogenen Daten vertraulich zu behandeln. Um eine Manipulation oder einen Verlust oder Missbrauch Ihrer bei uns gespeicherten Daten zu vermeiden, treffen wir umfangreiche technische und organisatorische Sicherheitsvorkehrungen, die regelm\u00e4\u00dfig \u00fcberpr\u00fcft und dem technologischen Fortschritt angepasst werden. Wir weisen Sie jedoch darauf hin, dass es aufgrund der Struktur des Internets m\u00f6glich ist, dass die Regeln des Datenschutzes und die o. g. Sicherungsma\u00dfnahmen von anderen, nicht im Verantwortungsbereich von uns liegenden Personen oder Institutionen nicht beachtet werden. Insbesondere k\u00f6nnen unverschl\u00fcsselt preisgegebene Daten \u2013 z. B. wenn dies per E-Mail erfolgt \u2013 von Dritten mitgelesen werden. Wir haben technisch hierauf keinen Einfluss. Es liegt im Verantwortungsbereich des Nutzers, die von ihm zur Verf\u00fcgung gestellten Daten durch Verschl\u00fcsselung oder in sonstiger Weise gegen Missbrauch zu sch\u00fctzen.<\/p>\n","protected":false},"excerpt":{"rendered":"<p>Datenschutzerkl\u00e4rung f\u00fcr Webseitenbetreiber nach den Vorgaben des DSG-EKD Die ev. Kita Bockenheim (nachfolgend Kita Bockenheim Informationen zu Kita Betrieb erhalten Sie hier), freut sich, dass Sie unsere Website besuchen. Datenschutz und Datensicherheit bei der Nutzung unserer Website sind f\u00fcr uns sehr wichtig. Wir m\u00f6chten Sie daher an dieser Stelle dar\u00fcber informieren, welche Ihrer personenbezogenen Daten wir bei Ihrem Besuch auf unserer Website erfassen und f\u00fcr&hellip; <\/p>\n","protected":false},"author":1,"featured_media":0,"parent":0,"menu_order":0,"comment_status":"closed","ping_status":"closed","template":"","meta":{"footnotes":""},"_links":{"self":[{"href":"https:\/\/www.kita-bockenheim.de\/index.php?rest_route=\/wp\/v2\/pages\/485"}],"collection":[{"href":"https:\/\/www.kita-bockenheim.de\/index.php?rest_route=\/wp\/v2\/pages"}],"about":[{"href":"https:\/\/www.kita-bockenheim.de\/index.php?rest_route=\/wp\/v2\/types\/page"}],"author":[{"embeddable":true,"href":"https:\/\/www.kita-bockenheim.de\/index.php?rest_route=\/wp\/v2\/users\/1"}],"replies":[{"embeddable":true,"href":"https:\/\/www.kita-bockenheim.de\/index.php?rest_route=%2Fwp%2Fv2%2Fcomments&post=485"}],"version-history":[{"count":1,"href":"https:\/\/www.kita-bockenheim.de\/index.php?rest_route=\/wp\/v2\/pages\/485\/revisions"}],"predecessor-version":[{"id":486,"href":"https:\/\/www.kita-bockenheim.de\/index.php?rest_route=\/wp\/v2\/pages\/485\/revisions\/486"}],"wp:attachment":[{"href":"https:\/\/www.kita-bockenheim.de\/index.php?rest_route=%2Fwp%2Fv2%2Fmedia&parent=485"}],"curies":[{"name":"wp","href":"https:\/\/api.w.org\/{rel}","templated":true}]}}